{"id":7449,"date":"2020-11-24T16:17:52","date_gmt":"2020-11-24T16:17:52","guid":{"rendered":"http:\/\/leonard-novy.de\/?page_id=7449"},"modified":"2021-05-26T11:12:17","modified_gmt":"2021-05-26T11:12:17","slug":"text-old","status":"publish","type":"page","link":"https:\/\/leonard-novy.de\/en\/text-old","title":{"rendered":"Texte  old"},"content":{"rendered":"<section class=\"wpb-content-wrapper\"><section class=\"vc_row wpb_row vc_row-fluid bg-light not-equal not-color\"><div class=\"container\"><div class=\"row\"><div class=\"wpb_column vc_column_container vc_col-sm-1\"><div class=\"vc_column-inner\"><div class=\"wpb_wrapper\"><\/div><\/div><\/div><div class=\"wpb_column vc_column_container vc_col-sm-7\"><div class=\"vc_column-inner\"><div class=\"wpb_wrapper\">\n\t<div class=\"wpb_text_column wpb_content_element  wpb_animate_when_almost_visible wpb_fadeInDown fadeInDown vc_custom_1608588428608\" >\n\t\t<div class=\"wpb_wrapper\">\n\t\t\t<h2 class=\"p1\">Talking &amp; Writing<\/h2>\n\n\t\t<\/div>\n\t<\/div>\n\n\t<div class=\"wpb_text_column wpb_content_element  wpb_animate_when_almost_visible wpb_fadeInDownBig fadeInDownBig\" >\n\t\t<div class=\"wpb_wrapper\">\n\t\t\t<p class=\"p1\">Whether as an author, public speaker or moderator, whether in Cambridge, USA, Brussels, Vienna or Berlin, whether as a journalist or academic: For over 20 years I have been researching and covering issues related to international politics and democracy, media and political communication as well as the influence of the Internet on our societies.<\/p>\n<p class=\"p1\">A non-exhaustive list of publications and talks can be found below.<\/p>\n\n\t\t<\/div>\n\t<\/div>\n<\/div><\/div><\/div><div class=\"wpb_column vc_column_container vc_col-sm-4\"><div class=\"vc_column-inner\"><div class=\"wpb_wrapper\"><\/div><\/div><\/div><div class=\"wpb_column vc_column_container vc_col-sm-12\"><div class=\"vc_column-inner\"><div class=\"wpb_wrapper\"><\/div><\/div><\/div><\/div><\/div><\/section><section class=\"vc_row wpb_row vc_row-fluid bg-light not-equal not-color vc_custom_1607103935332 vc_row-has-fill\"><div class=\"container\"><div class=\"row\"><div class=\"wpb_column vc_column_container vc_col-sm-11 vc_col-lg-offset-1 vc_col-md-offset-1 vc_col-sm-offset-1 vc_col-has-fill\"><div class=\"vc_column-inner vc_custom_1606934501176\"><div class=\"wpb_wrapper\">\n\t<div class=\"wpb_text_column wpb_content_element\" >\n\t\t<div class=\"wpb_wrapper\">\n\t\t\t<h3><strong>Books<\/strong><\/h3>\n\n\t\t<\/div>\n\t<\/div>\n<\/div><\/div><\/div><\/div><\/div><\/section><section class=\"vc_row wpb_row vc_row-fluid bg-light not-equal not-color vc_custom_1607104187133\"><div class=\"container\"><div class=\"row\"><div class=\"wpb_column vc_column_container vc_col-sm-1\"><div class=\"vc_column-inner\"><div class=\"wpb_wrapper\"><\/div><\/div><\/div><div class=\"wpb_column vc_column_container vc_col-sm-4\"><div class=\"vc_column-inner\"><div class=\"wpb_wrapper\">\n\t<div class=\"wpb_text_column wpb_content_element\" >\n\t\t<div class=\"wpb_wrapper\">\n\t\t\t<div class=\"page\" title=\"Page 4\">\n<div class=\"section\">\n<div class=\"layoutArea\">\n<div class=\"column\">\n<p><strong>Transparency and Funding of Public Service Media \u2013 Die deutsche Debatte im internationalen Kontext<\/strong><\/p>\n<\/div>\n<\/div>\n<\/div>\n<\/div>\n\n\t\t<\/div>\n\t<\/div>\n<\/div><\/div><\/div><div class=\"wpb_column vc_column_container vc_col-sm-3\"><div class=\"vc_column-inner\"><div class=\"wpb_wrapper\">\n\t<div class=\"wpb_text_column wpb_content_element\" >\n\t\t<div class=\"wpb_wrapper\">\n\t\t\t<div class=\"page\" title=\"Page 4\">\n<div class=\"section\">\n<div class=\"layoutArea\">\n<div class=\"column\">\n<p>2018<br \/>\nSpringer VS, Wiesbaden<\/p>\n<\/div>\n<\/div>\n<\/div>\n<\/div>\n\n\t\t<\/div>\n\t<\/div>\n<\/div><\/div><\/div><div class=\"wpb_column vc_column_container vc_col-sm-3\"><div class=\"vc_column-inner\"><div class=\"wpb_wrapper\">\n\t<div class=\"wpb_text_column wpb_content_element\" >\n\t\t<div class=\"wpb_wrapper\">\n\t\t\t<div class=\"page\" title=\"Page 4\">\n<div class=\"section\">\n<div class=\"layoutArea\">\n<div class=\"column\">\n<p>Christian Herzog, Heiko Hilker, Leonard Novy, Orkan Torun (Hrsg.)<\/p>\n<\/div>\n<\/div>\n<\/div>\n<\/div>\n\n\t\t<\/div>\n\t<\/div>\n<\/div><\/div><\/div><div class=\"wpb_column vc_column_container vc_col-sm-1\"><div class=\"vc_column-inner\"><div class=\"wpb_wrapper\"><\/div><\/div><\/div><div class=\"wpb_column vc_column_container vc_col-sm-10 vc_col-lg-offset-1 vc_col-md-offset-1 vc_col-sm-offset-1\"><div class=\"vc_column-inner vc_custom_1606235954519\"><div class=\"wpb_wrapper\"><div class=\"tlg-spacer line\" data-height=\"1\" data-height-tablet=\"1\" data-height-mobile=\"1\" style=\"clear:both;display:block;height:1px;margin-top: 0px; margin-bottom: 0px; border-bottom-color:#919191;\"><\/div><\/div><\/div><\/div><\/div><\/div><\/section><section class=\"vc_row wpb_row vc_row-fluid bg-light not-equal not-color vc_custom_1606236528905\"><div class=\"container\"><div class=\"row\"><div class=\"wpb_column vc_column_container vc_col-sm-1\"><div class=\"vc_column-inner\"><div class=\"wpb_wrapper\"><\/div><\/div><\/div><div class=\"wpb_column vc_column_container vc_col-sm-4\"><div class=\"vc_column-inner\"><div class=\"wpb_wrapper\">\n\t<div class=\"wpb_text_column wpb_content_element\" >\n\t\t<div class=\"wpb_wrapper\">\n\t\t\t<div class=\"page\" title=\"Page 4\">\n<div class=\"section\">\n<div class=\"layoutArea\">\n<div class=\"column\">\n<div class=\"page\" title=\"Page 4\">\n<div class=\"section\">\n<div class=\"layoutArea\">\n<div class=\"column\">\n<p><strong>Medienwandel kompakt 2014 \u2013 2016. Netzver\u00f6ffentlichungen zu Medien\u00f6konomie, Medienpolitik &amp; Journalismus<\/strong><\/p>\n<\/div>\n<\/div>\n<\/div>\n<\/div>\n<\/div>\n<\/div>\n<\/div>\n<\/div>\n\n\t\t<\/div>\n\t<\/div>\n<\/div><\/div><\/div><div class=\"wpb_column vc_column_container vc_col-sm-3\"><div class=\"vc_column-inner\"><div class=\"wpb_wrapper\">\n\t<div class=\"wpb_text_column wpb_content_element\" >\n\t\t<div class=\"wpb_wrapper\">\n\t\t\t<div class=\"page\" title=\"Page 4\">\n<div class=\"section\">\n<div class=\"layoutArea\">\n<div class=\"column\">\n<div class=\"page\" title=\"Page 4\">\n<div class=\"section\">\n<div class=\"layoutArea\">\n<div class=\"column\">\n<p>2017<br \/>\nSpringer VS, Wiesbaden<\/p>\n<\/div>\n<\/div>\n<\/div>\n<\/div>\n<\/div>\n<\/div>\n<\/div>\n<\/div>\n\n\t\t<\/div>\n\t<\/div>\n<\/div><\/div><\/div><div class=\"wpb_column vc_column_container vc_col-sm-3\"><div class=\"vc_column-inner\"><div class=\"wpb_wrapper\">\n\t<div class=\"wpb_text_column wpb_content_element\" >\n\t\t<div class=\"wpb_wrapper\">\n\t\t\t<div class=\"page\" title=\"Page 4\">\n<div class=\"section\">\n<div class=\"layoutArea\">\n<div class=\"column\">\n<div class=\"page\" title=\"Page 4\">\n<div class=\"section\">\n<div class=\"layoutArea\">\n<div class=\"column\">\n<p>Christoph Kappes, Jan Krone, Leonard Novy (Hrsg.)<\/p>\n<\/div>\n<\/div>\n<\/div>\n<\/div>\n<\/div>\n<\/div>\n<\/div>\n<\/div>\n\n\t\t<\/div>\n\t<\/div>\n<\/div><\/div><\/div><div class=\"wpb_column vc_column_container vc_col-sm-1\"><div class=\"vc_column-inner\"><div class=\"wpb_wrapper\"><\/div><\/div><\/div><div class=\"wpb_column vc_column_container vc_col-sm-10 vc_col-lg-offset-1 vc_col-md-offset-1 vc_col-sm-offset-1\"><div class=\"vc_column-inner vc_custom_1606235954519\"><div class=\"wpb_wrapper\"><div class=\"tlg-spacer line\" data-height=\"1\" data-height-tablet=\"1\" data-height-mobile=\"1\" style=\"clear:both;display:block;height:1px;margin-top: 0px; margin-bottom: 0px; border-bottom-color:#919191;\"><\/div><\/div><\/div><\/div><\/div><\/div><\/section><section class=\"vc_row wpb_row vc_row-fluid bg-light not-equal not-color vc_custom_1606236534408\"><div class=\"container\"><div class=\"row\"><div class=\"wpb_column vc_column_container vc_col-sm-1\"><div class=\"vc_column-inner\"><div class=\"wpb_wrapper\"><\/div><\/div><\/div><div class=\"wpb_column vc_column_container vc_col-sm-4\"><div class=\"vc_column-inner\"><div class=\"wpb_wrapper\">\n\t<div class=\"wpb_text_column wpb_content_element\" >\n\t\t<div class=\"wpb_wrapper\">\n\t\t\t<div class=\"page\" title=\"Page 4\">\n<div class=\"section\">\n<div class=\"layoutArea\">\n<div class=\"column\">\n<div class=\"page\" title=\"Page 4\">\n<div class=\"section\">\n<div class=\"layoutArea\">\n<div class=\"column\">\n<div class=\"page\" title=\"Page 4\">\n<div class=\"section\">\n<div class=\"layoutArea\">\n<div class=\"column\">\n<p><strong>Medienwandel kompakt 2011 \u2013 2013. Netzver\u00f6ffentlichungen zu Medien\u00f6konomie, Medienpolitik &amp; Journalismus<\/strong><\/p>\n<\/div>\n<\/div>\n<\/div>\n<\/div>\n<\/div>\n<\/div>\n<\/div>\n<\/div>\n<\/div>\n<\/div>\n<\/div>\n<\/div>\n\n\t\t<\/div>\n\t<\/div>\n<\/div><\/div><\/div><div class=\"wpb_column vc_column_container vc_col-sm-3\"><div class=\"vc_column-inner\"><div class=\"wpb_wrapper\">\n\t<div class=\"wpb_text_column wpb_content_element\" >\n\t\t<div class=\"wpb_wrapper\">\n\t\t\t<div class=\"page\" title=\"Page 4\">\n<div class=\"section\">\n<div class=\"layoutArea\">\n<div class=\"column\">\n<div class=\"page\" title=\"Page 4\">\n<div class=\"section\">\n<div class=\"layoutArea\">\n<div class=\"column\">\n<div class=\"page\" title=\"Page 4\">\n<div class=\"section\">\n<div class=\"layoutArea\">\n<div class=\"column\">\n<p>2014<br \/>\nSpringer VS, Wiesbaden<\/p>\n<\/div>\n<\/div>\n<\/div>\n<\/div>\n<\/div>\n<\/div>\n<\/div>\n<\/div>\n<\/div>\n<\/div>\n<\/div>\n<\/div>\n\n\t\t<\/div>\n\t<\/div>\n<\/div><\/div><\/div><div class=\"wpb_column vc_column_container vc_col-sm-3\"><div class=\"vc_column-inner\"><div class=\"wpb_wrapper\">\n\t<div class=\"wpb_text_column wpb_content_element\" >\n\t\t<div class=\"wpb_wrapper\">\n\t\t\t<div class=\"page\" title=\"Page 4\">\n<div class=\"section\">\n<div class=\"layoutArea\">\n<div class=\"column\">\n<div class=\"page\" title=\"Page 4\">\n<div class=\"section\">\n<div class=\"layoutArea\">\n<div class=\"column\">\n<div class=\"page\" title=\"Page 4\">\n<div class=\"section\">\n<div class=\"layoutArea\">\n<div class=\"column\">\n<p>Christoph Kappes, Jan Krone, Leonard Novy (Hrsg.)<\/p>\n<\/div>\n<\/div>\n<\/div>\n<\/div>\n<\/div>\n<\/div>\n<\/div>\n<\/div>\n<\/div>\n<\/div>\n<\/div>\n<\/div>\n\n\t\t<\/div>\n\t<\/div>\n<\/div><\/div><\/div><div class=\"wpb_column vc_column_container vc_col-sm-1\"><div class=\"vc_column-inner\"><div class=\"wpb_wrapper\"><\/div><\/div><\/div><div class=\"wpb_column vc_column_container vc_col-sm-10 vc_col-lg-offset-1 vc_col-md-offset-1 vc_col-sm-offset-1\"><div class=\"vc_column-inner vc_custom_1606235954519\"><div class=\"wpb_wrapper\"><div class=\"tlg-spacer line\" data-height=\"1\" data-height-tablet=\"1\" data-height-mobile=\"1\" style=\"clear:both;display:block;height:1px;margin-top: 0px; margin-bottom: 0px; border-bottom-color:#919191;\"><\/div><\/div><\/div><\/div><\/div><\/div><\/section><section class=\"vc_row wpb_row vc_row-fluid bg-light not-equal not-color vc_custom_1606236534408\"><div class=\"container\"><div class=\"row\"><div class=\"wpb_column vc_column_container vc_col-sm-1\"><div class=\"vc_column-inner\"><div class=\"wpb_wrapper\"><\/div><\/div><\/div><div class=\"wpb_column vc_column_container vc_col-sm-4\"><div class=\"vc_column-inner\"><div class=\"wpb_wrapper\">\n\t<div class=\"wpb_text_column wpb_content_element\" >\n\t\t<div class=\"wpb_wrapper\">\n\t\t\t<div class=\"page\" title=\"Page 4\">\n<div class=\"section\">\n<div class=\"layoutArea\">\n<div class=\"column\">\n<div class=\"page\" title=\"Page 4\">\n<div class=\"section\">\n<div class=\"layoutArea\">\n<div class=\"column\">\n<div class=\"page\" title=\"Page 4\">\n<div class=\"section\">\n<div class=\"layoutArea\">\n<p class=\"column\"><strong>Britain and Germany Imagining the Future of Europe. National Identity, Mass Media and the Public Sphere<\/strong><\/p>\n<\/div>\n<\/div>\n<\/div>\n<\/div>\n<\/div>\n<\/div>\n<\/div>\n<\/div>\n<\/div>\n<\/div>\n<\/div>\n\n\t\t<\/div>\n\t<\/div>\n<\/div><\/div><\/div><div class=\"wpb_column vc_column_container vc_col-sm-3\"><div class=\"vc_column-inner\"><div class=\"wpb_wrapper\">\n\t<div class=\"wpb_text_column wpb_content_element\" >\n\t\t<div class=\"wpb_wrapper\">\n\t\t\t<div class=\"page\" title=\"Page 4\">\n<div class=\"section\">\n<div class=\"layoutArea\">\n<div class=\"column\">\n<div class=\"page\" title=\"Page 4\">\n<div class=\"section\">\n<div class=\"layoutArea\">\n<div class=\"column\">\n<div class=\"page\" title=\"Page 4\">\n<div class=\"section\">\n<div class=\"layoutArea\">\n<p class=\"column\">2013<br \/>\nPalgrave Macmillan, London<\/p>\n<\/div>\n<\/div>\n<\/div>\n<\/div>\n<\/div>\n<\/div>\n<\/div>\n<\/div>\n<\/div>\n<\/div>\n<\/div>\n\n\t\t<\/div>\n\t<\/div>\n<\/div><\/div><\/div><div class=\"wpb_column vc_column_container vc_col-sm-3\"><div class=\"vc_column-inner\"><div class=\"wpb_wrapper\">\n\t<div class=\"wpb_text_column wpb_content_element\" >\n\t\t<div class=\"wpb_wrapper\">\n\t\t\t<div class=\"page\" title=\"Page 4\">\n<div class=\"section\">\n<div class=\"layoutArea\">\n<div class=\"column\">\n<div class=\"page\" title=\"Page 4\">\n<div class=\"section\">\n<div class=\"layoutArea\">\n<div class=\"column\">\n<div class=\"page\" title=\"Page 4\">\n<div class=\"section\">\n<div class=\"layoutArea\">\n<p class=\"column\">Leonard Novy<\/p>\n<\/div>\n<\/div>\n<\/div>\n<\/div>\n<\/div>\n<\/div>\n<\/div>\n<\/div>\n<\/div>\n<\/div>\n<\/div>\n\n\t\t<\/div>\n\t<\/div>\n<\/div><\/div><\/div><div class=\"wpb_column vc_column_container vc_col-sm-1\"><div class=\"vc_column-inner\"><div class=\"wpb_wrapper\"><\/div><\/div><\/div><div class=\"wpb_column vc_column_container vc_col-sm-10 vc_col-lg-offset-1 vc_col-md-offset-1 vc_col-sm-offset-1\"><div class=\"vc_column-inner vc_custom_1606235954519\"><div class=\"wpb_wrapper\"><div class=\"tlg-spacer line\" data-height=\"1\" data-height-tablet=\"1\" data-height-mobile=\"1\" style=\"clear:both;display:block;height:1px;margin-top: 0px; margin-bottom: 0px; border-bottom-color:#919191;\"><\/div><\/div><\/div><\/div><\/div><\/div><\/section><section class=\"vc_row wpb_row vc_row-fluid bg-light not-equal not-color vc_custom_1606933943922\"><div class=\"container\"><div class=\"row\"><div class=\"wpb_column vc_column_container vc_col-sm-1\"><div class=\"vc_column-inner\"><div class=\"wpb_wrapper\"><\/div><\/div><\/div><div class=\"wpb_column vc_column_container vc_col-sm-10\"><div class=\"vc_column-inner vc_custom_1606933935305\"><div class=\"wpb_wrapper\">\n\t<div class=\"wpb_text_column wpb_content_element\" >\n\t\t<div class=\"wpb_wrapper\">\n\t\t\t<input type='hidden' bg_collapse_expand='69f54714ebffd4061481146' value='69f54714ebffd4061481146'><input type='hidden' id='bg-show-more-text-69f54714ebffd4061481146' value='mehr'><input type='hidden' id='bg-show-less-text-69f54714ebffd4061481146' value='weniger'><div id='bg-showmore-hidden-69f54714ebffd4061481146' ><\/p>\n<div class=\"container\">\n<div class=\"row\"><\/div>\n<\/div>\n<div class=\"container\">\n<div class=\"row\">\n<div class=\"col-12 col-sm-4 pspace\"><strong>Journalismus in der digitalen Moderne<\/strong><\/div>\n<div class=\"col-12 col-sm-3 pspace\">2013<br \/>\nVS Verlag f\u00fcr Sozialwissenschaften, Wiesbaden<\/div>\n<div class=\"col-12 col-sm-3\">\n<p>Leif Kramp, Leonard Novy, Dennis Ballwieser und Karsten Wenzlaff (Hrsg.)<\/p>\n<\/div>\n<div class=\"col-12 col-sm-10\">\n<div style=\"background-color: #919191;height: 1px;margin-bottom: 40px;margin-top: 20px\"><\/div>\n<\/div>\n<\/div>\n<\/div>\n<div class=\"container\">\n<div class=\"row\">\n<div class=\"col-12 col-sm-4 pspace\"><strong>Zwischen Macht und Ohnmacht. Facetten erfolgreicher Politik<\/strong><\/div>\n<div class=\"col-12 col-sm-3 pspace\">2013<br \/>\nVS Verlag f\u00fcr Sozialwissenschaften, Wiesbaden<\/div>\n<div class=\"col-12 col-sm-3\">\n<p>Leonard Novy, Georg Eckert und Dominic Schwickert (Hrsg.)<\/p>\n<\/div>\n<div class=\"col-12 col-sm-10\">\n<div style=\"background-color: #919191;height: 1px;margin-bottom: 40px;margin-top: 20px\"><\/div>\n<\/div>\n<\/div>\n<\/div>\n<div class=\"container\">\n<div class=\"row\">\n<div class=\"col-12 col-sm-4 pspace\"><strong>Sustainable governance indicators. Policy performance and executive capacity in the OECD<\/strong><\/div>\n<div class=\"col-12 col-sm-3 pspace\">2009<br \/>\nVerlag Bertelsmann Stiftung, G\u00fctersloh<\/div>\n<div class=\"col-12 col-sm-3\">\n<p>Bertelsmann Stiftung (Hrsg.) (verantwortlich: Stefan Empter und Leonard Novy)<\/p>\n<\/div>\n<div class=\"col-12 col-sm-10\">\n<div style=\"background-color: #919191;height: 1px;margin-bottom: 40px;margin-top: 20px\"><\/div>\n<\/div>\n<\/div>\n<\/div>\n<div class=\"container\">\n<div class=\"row\">\n<div class=\"col-12 col-sm-4 pspace\"><strong>Lernen von Obama? Das Internet als Ressource und Risiko f\u00fcr die Politik <\/strong><\/div>\n<div class=\"col-12 col-sm-3 pspace\">2009<br \/>\nVerlag Bertelsmann Stiftung, G\u00fctersloh<\/div>\n<div class=\"col-12 col-sm-3\">\n<p>Bertelsmann Stiftung (Hrsg.) (verantwortlich: Leonard Novy)<\/p>\n<\/div>\n<div class=\"col-12 col-sm-10\">\n<div style=\"background-color: #919191;height: 1px;margin-bottom: 40px;margin-top: 20px\"><\/div>\n<\/div>\n<\/div>\n<\/div>\n<div class=\"container\">\n<div class=\"row\">\n<div class=\"col-12 col-sm-4 pspace\"><strong>Politische Reformprozesse in der Analyse, Untersuchungssystematik und Fallbeispiele<\/strong><\/div>\n<div class=\"col-12 col-sm-3 pspace\">2008<br \/>\nVerlag Bertelsmann Stiftung, G\u00fctersloh<\/div>\n<div class=\"col-12 col-sm-3\">\n<p>Leonard Novy, Thomas Fischer und Andreas Kie\u00dfling (Hrsg.)<\/p>\n<\/div>\n<div class=\"col-12 col-sm-10\">\n<div style=\"background-color: #919191;height: 1px;margin-bottom: 40px;margin-top: 20px\"><\/div>\n<\/div>\n<\/div>\n<\/div>\n<p><\/div><button id='bg-showmore-action-69f54714ebffd4061481146' class='bg-showmore-plg-button bg-orange-button'   style=\" color:#4a4949;\">see more \/ less<\/button>\n\n\t\t<\/div>\n\t<\/div>\n<\/div><\/div><\/div><div class=\"wpb_column vc_column_container vc_col-sm-1\"><div class=\"vc_column-inner\"><div class=\"wpb_wrapper\"><\/div><\/div><\/div><div class=\"wpb_column vc_column_container vc_col-sm-12\"><div class=\"vc_column-inner\"><div class=\"wpb_wrapper\"><div class=\"tlg-spacer\" data-height=\"10\" data-height-tablet=\"10\" data-height-mobile=\"20\" style=\"clear:both;display:block;height:10px;\"><\/div><\/div><\/div><\/div><\/div><\/div><\/section><section class=\"vc_row wpb_row vc_row-fluid bg-light not-equal not-color vc_custom_1606934019386 vc_row-has-fill\"><div class=\"container\"><div class=\"row\"><div class=\"wpb_column vc_column_container vc_col-sm-11 vc_col-lg-offset-1 vc_col-md-offset-1 vc_col-sm-offset-1 vc_col-has-fill\"><div class=\"vc_column-inner vc_custom_1606934036610\"><div class=\"wpb_wrapper\">\n\t<div class=\"wpb_text_column wpb_content_element\" >\n\t\t<div class=\"wpb_wrapper\">\n\t\t\t<h3><strong>Articles<\/strong><\/h3>\n\n\t\t<\/div>\n\t<\/div>\n<\/div><\/div><\/div><\/div><\/div><\/section><section class=\"vc_row wpb_row vc_row-fluid bg-light not-equal not-color vc_custom_1606236534408\"><div class=\"container\"><div class=\"row\"><div class=\"wpb_column vc_column_container vc_col-sm-1\"><div class=\"vc_column-inner\"><div class=\"wpb_wrapper\"><\/div><\/div><\/div><div class=\"wpb_column vc_column_container vc_col-sm-10\"><div class=\"vc_column-inner\"><div class=\"wpb_wrapper\">\n\t<div class=\"wpb_text_column wpb_content_element\" >\n\t\t<div class=\"wpb_wrapper\">\n\t\t\t<div class=\"page\" title=\"Page 4\">\n<div class=\"section\">\n<div class=\"layoutArea\">\n<div class=\"column\">\n<div class=\"page\" title=\"Page 4\">\n<div class=\"section\">\n<div class=\"layoutArea\">\n<div class=\"column\">\n<div class=\"page\" title=\"Page 4\">\n<div class=\"section\">\n<div class=\"layoutArea\">\n<div class=\"column\">\n<div class=\"page\" title=\"Page 4\">\n<div class=\"section\">\n<div class=\"layoutArea\">\n<div class=\"column\">\n<div class=\"page\" title=\"Page 4\">\n<div class=\"section\">\n<div class=\"layoutArea\">\n<div class=\"column\">\n<div class=\"page\" title=\"Page 4\">\n<div class=\"section\">\n<div class=\"layoutArea\">\n<div class=\"column\">\n<div class=\"page\" title=\"Page 4\">\n<div class=\"section\">\n<div class=\"layoutArea\">\n<div class=\"column\">\n<p><strong>\u201eResilienz ist eine Zukunftsfrage\u201c (Interview)<\/strong>, <a href=\"https:\/\/internationalepolitik.de\/de\/resilienz-ist-eine-zukunftsfrage\">Internationale Politik Spezial<\/a>, 3\/2020, 62-67<\/p>\n<\/div>\n<\/div>\n<\/div>\n<\/div>\n<\/div>\n<\/div>\n<\/div>\n<\/div>\n<\/div>\n<\/div>\n<\/div>\n<\/div>\n<\/div>\n<\/div>\n<\/div>\n<\/div>\n<\/div>\n<\/div>\n<\/div>\n<\/div>\n<\/div>\n<\/div>\n<\/div>\n<\/div>\n<\/div>\n<\/div>\n<\/div>\n<\/div>\n\n\t\t<\/div>\n\t<\/div>\n<\/div><\/div><\/div><div class=\"wpb_column vc_column_container vc_col-sm-1\"><div class=\"vc_column-inner\"><div class=\"wpb_wrapper\"><\/div><\/div><\/div><div class=\"wpb_column vc_column_container vc_col-sm-10 vc_col-lg-offset-1 vc_col-md-offset-1 vc_col-sm-offset-1\"><div class=\"vc_column-inner vc_custom_1606235954519\"><div class=\"wpb_wrapper\"><div class=\"tlg-spacer line\" data-height=\"1\" data-height-tablet=\"1\" data-height-mobile=\"1\" style=\"clear:both;display:block;height:1px;margin-top: 0px; margin-bottom: 0px; border-bottom-color:#919191;\"><\/div><\/div><\/div><\/div><\/div><\/div><\/section><section class=\"vc_row wpb_row vc_row-fluid bg-light not-equal not-color vc_custom_1606236534408\"><div class=\"container\"><div class=\"row\"><div class=\"wpb_column vc_column_container vc_col-sm-1\"><div class=\"vc_column-inner\"><div class=\"wpb_wrapper\"><\/div><\/div><\/div><div class=\"wpb_column vc_column_container vc_col-sm-10\"><div class=\"vc_column-inner\"><div class=\"wpb_wrapper\">\n\t<div class=\"wpb_text_column wpb_content_element\" >\n\t\t<div class=\"wpb_wrapper\">\n\t\t\t<p><strong>Dem westlichen Journalismus droht der Kollaps<\/strong>, <a href=\"https:\/\/www.tagesspiegel.de\/politik\/medienfreiheit-in-gefahr-dem-westlichen-journalismus-droht-der-kollaps\/26211250.html\">Der Tagesspiegel<\/a>, 23.9.2020<\/p>\n\n\t\t<\/div>\n\t<\/div>\n<\/div><\/div><\/div><div class=\"wpb_column vc_column_container vc_col-sm-1\"><div class=\"vc_column-inner\"><div class=\"wpb_wrapper\"><\/div><\/div><\/div><div class=\"wpb_column vc_column_container vc_col-sm-10 vc_col-lg-offset-1 vc_col-md-offset-1 vc_col-sm-offset-1\"><div class=\"vc_column-inner vc_custom_1606235954519\"><div class=\"wpb_wrapper\"><div class=\"tlg-spacer line\" data-height=\"1\" data-height-tablet=\"1\" data-height-mobile=\"1\" style=\"clear:both;display:block;height:1px;margin-top: 0px; margin-bottom: 0px; border-bottom-color:#919191;\"><\/div><\/div><\/div><\/div><\/div><\/div><\/section><section class=\"vc_row wpb_row vc_row-fluid bg-light not-equal not-color vc_custom_1606236534408\"><div class=\"container\"><div class=\"row\"><div class=\"wpb_column vc_column_container vc_col-sm-1\"><div class=\"vc_column-inner\"><div class=\"wpb_wrapper\"><\/div><\/div><\/div><div class=\"wpb_column vc_column_container vc_col-sm-10\"><div class=\"vc_column-inner\"><div class=\"wpb_wrapper\">\n\t<div class=\"wpb_text_column wpb_content_element\" >\n\t\t<div class=\"wpb_wrapper\">\n\t\t\t<div class=\"page\" title=\"Page 4\">\n<div class=\"section\">\n<div class=\"layoutArea\">\n<div class=\"column\">\n<div class=\"page\" title=\"Page 4\">\n<div class=\"section\">\n<div class=\"layoutArea\">\n<div class=\"column\">\n<div class=\"page\" title=\"Page 4\">\n<div class=\"section\">\n<div class=\"layoutArea\">\n<div class=\"column\">\n<div class=\"page\" title=\"Page 4\">\n<div class=\"section\">\n<div class=\"layoutArea\">\n<div class=\"column\">\n<div class=\"page\" title=\"Page 4\">\n<div class=\"section\">\n<div class=\"layoutArea\">\n<div class=\"column\">\n<div class=\"page\" title=\"Page 4\">\n<div class=\"section\">\n<div class=\"layoutArea\">\n<div class=\"column\">\n<div class=\"page\" title=\"Page 4\">\n<div class=\"section\">\n<div class=\"layoutArea\">\n<div class=\"column\">\n<p><strong>#Journalismus Rettungspakete werden nicht reichen: Die wankende vierte Gewalt<\/strong>, <a href=\"http:\/\/carta.info\/rettungspakete-werden-nicht-reichen-die-wankende-vierte-gewalt\/\">CARTA<\/a>, 15.5.2020 (mit Frederik Fischer und Alex S\u00e4ngerlaub)<\/p>\n<\/div>\n<\/div>\n<\/div>\n<\/div>\n<\/div>\n<\/div>\n<\/div>\n<\/div>\n<\/div>\n<\/div>\n<\/div>\n<\/div>\n<\/div>\n<\/div>\n<\/div>\n<\/div>\n<\/div>\n<\/div>\n<\/div>\n<\/div>\n<\/div>\n<\/div>\n<\/div>\n<\/div>\n<\/div>\n<\/div>\n<\/div>\n<\/div>\n\n\t\t<\/div>\n\t<\/div>\n<\/div><\/div><\/div><div class=\"wpb_column vc_column_container vc_col-sm-1\"><div class=\"vc_column-inner\"><div class=\"wpb_wrapper\"><\/div><\/div><\/div><div class=\"wpb_column vc_column_container vc_col-sm-10 vc_col-lg-offset-1 vc_col-md-offset-1 vc_col-sm-offset-1\"><div class=\"vc_column-inner vc_custom_1606235954519\"><div class=\"wpb_wrapper\"><div class=\"tlg-spacer line\" data-height=\"1\" data-height-tablet=\"1\" data-height-mobile=\"1\" style=\"clear:both;display:block;height:1px;margin-top: 0px; margin-bottom: 0px; border-bottom-color:#919191;\"><\/div><\/div><\/div><\/div><\/div><\/div><\/section><section class=\"vc_row wpb_row vc_row-fluid bg-light not-equal not-color vc_custom_1606236534408\"><div class=\"container\"><div class=\"row\"><div class=\"wpb_column vc_column_container vc_col-sm-1\"><div class=\"vc_column-inner\"><div class=\"wpb_wrapper\"><\/div><\/div><\/div><div class=\"wpb_column vc_column_container vc_col-sm-10\"><div class=\"vc_column-inner\"><div class=\"wpb_wrapper\">\n\t<div class=\"wpb_text_column wpb_content_element\" >\n\t\t<div class=\"wpb_wrapper\">\n\t\t\t<div class=\"page\" title=\"Page 4\">\n<div class=\"section\">\n<div class=\"layoutArea\">\n<div class=\"column\">\n<div class=\"page\" title=\"Page 4\">\n<div class=\"section\">\n<div class=\"layoutArea\">\n<div class=\"column\">\n<div class=\"page\" title=\"Page 4\">\n<div class=\"section\">\n<div class=\"layoutArea\">\n<div class=\"column\">\n<div class=\"page\" title=\"Page 4\">\n<div class=\"section\">\n<div class=\"layoutArea\">\n<div class=\"column\">\n<div class=\"page\" title=\"Page 4\">\n<div class=\"section\">\n<div class=\"layoutArea\">\n<div class=\"column\">\n<div class=\"page\" title=\"Page 4\">\n<div class=\"section\">\n<div class=\"layoutArea\">\n<div class=\"column\">\n<div class=\"page\" title=\"Page 4\">\n<div class=\"section\">\n<div class=\"layoutArea\">\n<div class=\"column\">\n<p><strong>Wann kommt der n\u00e4chste Ausnahmezustand? Warum das Corona-Risiko nicht absolut gesetzt werden darf<\/strong>, <a href=\"https:\/\/www.tagesspiegel.de\/politik\/wann-kommt-der-naechste-ausnahmezustand-warum-das-corona-risiko-nicht-absolut-gesetzt-werden-darf\/25748056.html\">Der Tagesspiegel<\/a>, 17.4.2020 (mit Georg Eckert)<\/p>\n<\/div>\n<\/div>\n<\/div>\n<\/div>\n<\/div>\n<\/div>\n<\/div>\n<\/div>\n<\/div>\n<\/div>\n<\/div>\n<\/div>\n<\/div>\n<\/div>\n<\/div>\n<\/div>\n<\/div>\n<\/div>\n<\/div>\n<\/div>\n<\/div>\n<\/div>\n<\/div>\n<\/div>\n<\/div>\n<\/div>\n<\/div>\n<\/div>\n\n\t\t<\/div>\n\t<\/div>\n<\/div><\/div><\/div><div class=\"wpb_column vc_column_container vc_col-sm-1\"><div class=\"vc_column-inner\"><div class=\"wpb_wrapper\"><\/div><\/div><\/div><div class=\"wpb_column vc_column_container vc_col-sm-10 vc_col-lg-offset-1 vc_col-md-offset-1 vc_col-sm-offset-1\"><div class=\"vc_column-inner vc_custom_1606235954519\"><div class=\"wpb_wrapper\"><div class=\"tlg-spacer line\" data-height=\"1\" data-height-tablet=\"1\" data-height-mobile=\"1\" style=\"clear:both;display:block;height:1px;margin-top: 0px; margin-bottom: 0px; border-bottom-color:#919191;\"><\/div><\/div><\/div><\/div><\/div><\/div><\/section><section class=\"vc_row wpb_row vc_row-fluid bg-light not-equal not-color vc_custom_1608233807960\"><div class=\"container\"><div class=\"row\"><div class=\"wpb_column vc_column_container vc_col-sm-1\"><div class=\"vc_column-inner\"><div class=\"wpb_wrapper\"><\/div><\/div><\/div><div class=\"wpb_column vc_column_container vc_col-sm-10\"><div class=\"vc_column-inner vc_custom_1607965466828\"><div class=\"wpb_wrapper\">\n\t<div class=\"wpb_text_column wpb_content_element\" >\n\t\t<div class=\"wpb_wrapper\">\n\t\t\t<input type='hidden' bg_collapse_expand='69f54714ed8d98011929280' value='69f54714ed8d98011929280'><input type='hidden' id='bg-show-more-text-69f54714ed8d98011929280' value='mehr'><input type='hidden' id='bg-show-less-text-69f54714ed8d98011929280' value='weniger'><div id='bg-showmore-hidden-69f54714ed8d98011929280' ><\/p>\n<div class=\"container\">\n<div class=\"row\">\n<div class=\"col-12 col-sm-10 pspace\"><strong>Corona-Pandemie: Wir sollten uns nicht von Fallzahlen regieren lassen <\/strong>, <a href=\"https:\/\/www.augsburger-allgemeine.de\/politik\/Corona-Pandemie-Wir-sollten-uns-nicht-von-Fallzahlen-regieren-lassen-id57136851.html\">Augsburger Allgemeine<\/a>, 29.3.2020 (mit Georg Eckert)<\/div>\n<div class=\"col-12 col-sm-10\">\n<div style=\"background-color: #919191;height: 1px;margin-bottom: 40px;margin-top: 20px\"><\/div>\n<\/div>\n<\/div>\n<\/div>\n<div class=\"container\">\n<div class=\"row\">\n<div class=\"col-12 col-sm-10 pspace\"><strong>Nach Corona ist vor Corona: Vom gesellschaftlichen Umgang mit Risiken<\/strong>, <a href=\"https:\/\/www.diepresse.com\/5797149\/nach-corona-ist-vor-corona-vom-gesellschaftlichen-umgang-mit-risiken\">Die PRESSE<\/a>, 7.4.2020 (mit Georg Eckert)<\/div>\n<div class=\"col-12 col-sm-10\">\n<div style=\"background-color: #919191;height: 1px;margin-bottom: 40px;margin-top: 20px\"><\/div>\n<\/div>\n<\/div>\n<\/div>\n<div class=\"container\">\n<div class=\"row\">\n<div class=\"col-12 col-sm-10 pspace\"><strong><a href=\"http:\/\/carta.info\/was-lange-waehrt-wird-nicht-automatisch-gut\/\" target=\"_blank\" rel=\"noopener\">Was lange w\u00e4hrt, wird nicht automatisch gut<\/a><\/strong>, CARTA, 25.11.2016<\/div>\n<div class=\"col-12 col-sm-10\">\n<div style=\"background-color: #919191;height: 1px;margin-bottom: 40px;margin-top: 20px\"><\/div>\n<\/div>\n<\/div>\n<\/div>\n<div class=\"container\">\n<div class=\"row\">\n<div class=\"col-12 col-sm-10 pspace\"><strong>Ganz unten. Auf der Suche nach dem verlorenen Ethos der SPD<\/strong>, Frankfurter Hefte\/Neue Gesellschaft, 5\/2016, 53 ff.<\/div>\n<div class=\"col-12 col-sm-10\">\n<div style=\"background-color: #919191;height: 1px;margin-bottom: 40px;margin-top: 20px\"><\/div>\n<\/div>\n<\/div>\n<\/div>\n<div class=\"container\">\n<div class=\"row\">\n<div class=\"col-12 col-sm-10 pspace\">Stefan Heidenreich, Christian Herzog, Leonard Novy, <strong>Die Analyse politischer Twitter-Kommunikation anhand von #whizzle \/ Twitter-Monitor <\/strong>in: ZPB Zeitschrift f\u00fcr Politikberatung, 7 (2015), Nr. 3, 122 \u2013 127<\/div>\n<div class=\"col-12 col-sm-10\">\n<div style=\"background-color: #919191;height: 1px;margin-bottom: 40px;margin-top: 20px\"><\/div>\n<\/div>\n<\/div>\n<\/div>\n<div class=\"container\">\n<div class=\"row\">\n<div class=\"col-12 col-sm-10 pspace\"><strong>Chancen mit Risiken und Nebenwirkungen. Globale Trends und ihre Auswirkungen auf die Informationsgesellschaft<\/strong>, b.i.t.online Sonderheft 2014: BIX. Der Bibliotheksindex, 13-17<\/div>\n<div class=\"col-12 col-sm-10\">\n<div style=\"background-color: #919191;height: 1px;margin-bottom: 40px;margin-top: 20px\"><\/div>\n<\/div>\n<\/div>\n<\/div>\n<div class=\"container\">\n<div class=\"row\">\n<div class=\"col-12 col-sm-10 pspace\">Leonard Novy &amp; Frank Stauss (2013), <strong>Eine Partei lebt<\/strong>, in: Thomas Hofer und Barbara Toth (Hrsg.), Wahl 2013. Macht, Medien, Milliard\u00e4re. Analysen zur Nationalratswahl, Lit Verlag, M\u00fcnster, 125-135<\/div>\n<div class=\"col-12 col-sm-10\">\n<div style=\"background-color: #919191;height: 1px;margin-bottom: 40px;margin-top: 20px\"><\/div>\n<\/div>\n<\/div>\n<\/div>\n<div class=\"container\">\n<div class=\"row\">\n<div class=\"col-12 col-sm-10 pspace\"><strong> <a href=\"http:\/\/www.b-republik.de\/aktuelle-ausgabe\/das-ende-der-alten-zeitungsindustrie\" target=\"_blank\" rel=\"noopener\">Das Ende der alten Zeitungsindustrie<\/a> <\/strong>, Berliner Republik 5\/2013 (mit Till W\u00e4scher)<\/div>\n<div class=\"col-12 col-sm-10\">\n<div style=\"background-color: #919191;height: 1px;margin-bottom: 40px;margin-top: 20px\"><\/div>\n<\/div>\n<\/div>\n<\/div>\n<div class=\"container\">\n<div class=\"row\">\n<div class=\"col-12 col-sm-10 pspace\">\n<p>Lutz Hachmeister\/Leonard Novy\/Orkan Torun: <strong>Journalismus als \u201ecreative industry\u201c? Medienpolitische M\u00f6glichkeiten kreativ-wirtschaftliche Strategien<\/strong>. In Matthias Machnig\/Dirk Kiefer (Hrsg.): Das Bauhaus kommt aus Th\u00fcringen: Kreativwirtschaft jenseits der Metropolen. K\u00f6ln\/Weimar\/Wien: B\u00f6hlau Verlag, 93-111<\/p>\n<\/div>\n<div class=\"col-12 col-sm-10\">\n<div style=\"background-color: #919191;height: 1px;margin-bottom: 40px;margin-top: 20px\"><\/div>\n<\/div>\n<\/div>\n<\/div>\n<div class=\"container\">\n<div class=\"row\">\n<div class=\"col-12 col-sm-10 pspace\">Leonard Novy (2013), <strong>Stiftung Journalismus<\/strong>, in: Lutz Hachmeister \/ Dieter Anschlag (Hrsg.), Rundfunkpolitik und Netzpolitik. Strukturwandel der Medienpolitik, K\u00f6ln<\/div>\n<div class=\"col-12 col-sm-10\">\n<div style=\"background-color: #919191;height: 1px;margin-bottom: 40px;margin-top: 20px\"><\/div>\n<\/div>\n<\/div>\n<\/div>\n<div class=\"container\">\n<div class=\"row\">\n<div class=\"col-12 col-sm-10 pspace\">Leonard Novy (2013), <strong>Changing societies, changing journalism<\/strong>, in: The Office of the Representative on Freedom of the Media (Hrsg.), 2013 Social Media Guidebook, Vienna, Organization for Security and Co-operation in Europe<\/div>\n<div class=\"col-12 col-sm-10\">\n<div style=\"background-color: #919191;height: 1px;margin-bottom: 40px;margin-top: 20px\"><\/div>\n<\/div>\n<\/div>\n<\/div>\n<div class=\"container\">\n<div class=\"row\">\n<div class=\"col-12 col-sm-10 pspace\"><strong>Chancen und Grenzen philantropischer Finanzierungsmodelle<\/strong>, Aus Politik und Zeitgeschichte (APuZ), 29-31\/2012, 33-39 (mit Knut Bergmann)<\/div>\n<div class=\"col-12 col-sm-10\">\n<div style=\"background-color: #919191;height: 1px;margin-bottom: 40px;margin-top: 20px\"><\/div>\n<\/div>\n<\/div>\n<\/div>\n<div class=\"container\">\n<div class=\"row\">\n<div class=\"col-12 col-sm-10 pspace\"><strong>Journalismus in der digitalen Moderne<\/strong>, Fachjournalist, 1\/2012, 9-12 (mit Dominic Schwickert)<\/div>\n<div class=\"col-12 col-sm-10\">\n<div style=\"background-color: #919191;height: 1px;margin-bottom: 40px;margin-top: 20px\"><\/div>\n<\/div>\n<\/div>\n<\/div>\n<div class=\"container\">\n<div class=\"row\">\n<div class=\"col-12 col-sm-10 pspace\"><strong>Stiftung Journalismus. Strategieorientierte Medienpolitik braucht praxistaugliche Konzepte<\/strong>, Funkkorrespondenz, 41-42, 2011, 6-10<\/div>\n<div class=\"col-12 col-sm-10\">\n<div style=\"background-color: #919191;height: 1px;margin-bottom: 40px;margin-top: 20px\"><\/div>\n<\/div>\n<\/div>\n<\/div>\n<div class=\"container\">\n<div class=\"row\">\n<div class=\"col-12 col-sm-10 pspace\"><strong>Wenn Zeitungen stiften gehen<\/strong>, vorg\u00e4nge, 3\/2011, 15-22 (mit Knut Bergmann)<\/div>\n<div class=\"col-12 col-sm-10\">\n<div style=\"background-color: #919191;height: 1px;margin-bottom: 40px;margin-top: 20px\"><\/div>\n<\/div>\n<\/div>\n<\/div>\n<div class=\"container\">\n<div class=\"row\">\n<div class=\"col-12 col-sm-10 pspace\"><strong>Philanthropische Gesch\u00e4ftsmodelle f\u00fcr Printmedien<\/strong>, Zeitschrift f\u00fcr Stiftungs- und Vereinsrecht (ZStV), 3\/2011, 112-115 (mit Knut Bergmann)<\/div>\n<div class=\"col-12 col-sm-10\">\n<div style=\"background-color: #919191;height: 1px;margin-bottom: 40px;margin-top: 20px\"><\/div>\n<\/div>\n<\/div>\n<\/div>\n<div class=\"container\">\n<div class=\"row\"><\/div>\n<\/div>\n<div class=\"container\">\n<div class=\"row\">\n<div class=\"col-12 col-sm-10 pspace\">Leonard Novy and Mark Fliegauf, <strong>F\u00fchrung braucht Follower, Strategie nicht,<\/strong> Forschungsjournal NSB, 21 (3), 2008, 269-273<\/div>\n<div class=\"col-12 col-sm-10\">\n<div style=\"background-color: #919191;height: 1px;margin-bottom: 40px;margin-top: 20px\"><\/div>\n<\/div>\n<\/div>\n<\/div>\n<div class=\"container\">\n<div class=\"row\">\n<div class=\"col-12 col-sm-10 pspace\"><strong>Von der Beraterrepublik zur gut beratenen Republik? Ein Diskussionsbeitrag zur Situation und Zukunft von Politikberatung in Deutschland<\/strong>, Zeitschrift f\u00fcr Politikberatung, 1 (2), 2008, 170-190 (mit Dominic Schwickert and Thomas Fischer)<\/div>\n<div class=\"col-12 col-sm-10\">\n<div style=\"background-color: #919191;height: 1px;margin-bottom: 40px;margin-top: 20px\"><\/div>\n<\/div>\n<\/div>\n<\/div>\n<div class=\"container\">\n<div class=\"row\"><\/div>\n<\/div>\n<div class=\"container\">\n<div class=\"row\">\n<div class=\"col-12 col-sm-10 pspace\"><strong>Leader und Follower \u2013 Grundz\u00fcge eines inter-personalen Ansatzes zur Analyse politischer F\u00fchrungsleistung<\/strong>, Zeitschrift f\u00fcr Politikwissenschaft, 18 (4), 2008, 399-421 (mit Mark T. Fliegauf und Andreas Kie\u00dfling)<\/div>\n<\/div>\n<\/div>\n<div class=\"container\">\n<div class=\"row\">\n<div class=\"col-12 col-sm-10\">\n<div style=\"background-color: #919191;height: 1px;margin-bottom: 40px;margin-top: 20px\"><\/div>\n<\/div>\n<\/div>\n<\/div>\n<div class=\"container\">\n<div class=\"row\">\n<div class=\"col-12 col-sm-10 pspace\"><strong>Leonard Novy and Mark T. Fliegauf, \u201eE-bama\u201c \u2013 Amerikas erster \u201eInternetpr\u00e4sident\u201c und die Rolle des World Wide Web f\u00fcr moderne politische F\u00fchrung<\/strong>, in: Bertelsmann Stiftung (Hrsg.), Lernen von Obama? Das Internet als Ressource und Risiko f\u00fcr die Politik, G\u00fctersloh (Verlag Bertelsmann Stiftung), 2009, 185-199<\/div>\n<div class=\"col-12 col-sm-10\">\n<div style=\"background-color: #919191;height: 1px;margin-bottom: 40px;margin-top: 20px\"><\/div>\n<\/div>\n<\/div>\n<\/div>\n<div class=\"container\">\n<div class=\"row\">\n<div class=\"col-12 col-sm-10 pspace\"><strong>Sustainable Governance in the OECD \u2013 an Overview of Findings<\/strong>, in: Stefan Empter und Leonard Novy (Hrsg.), Sustainable governance indicators 2009. Policy performance and executive capacity in the OECD, G\u00fctersloh (Verlag Bertelsmann Stiftung), 2009, 19-69 (mit Martin Brusis, Andrea Kuhn, Daniel Schraad-Tischler)<\/div>\n<\/div>\n<\/div>\n<div class=\"container\">\n<div class=\"row\">\n<div class=\"col-12 col-sm-10\">\n<div style=\"background-color: #919191;height: 1px;margin-bottom: 40px;margin-top: 20px\"><\/div>\n<\/div>\n<\/div>\n<\/div>\n<div class=\"container\">\n<div class=\"row\">\n<div class=\"col-12 col-sm-10 pspace\"><strong>Zwischen Anspruch und Wirklichkeit. Das Internet als Medium f\u00fcr Gesellschaftsberatung<\/strong>, in: Bertelsmann Stiftung (Hrsg.), Was Politik von B\u00fcrgern lernen kann. Potenziale politikbezogener Gesellschaftsberatung, G\u00fctersloh (Verlag Bertelsmann Stiftung) 2010, 139-166 (mit Andrea Kuhn)<\/div>\n<div class=\"col-12 col-sm-10\">\n<div style=\"background-color: #919191;height: 1px;margin-bottom: 40px;margin-top: 20px\"><\/div>\n<\/div>\n<\/div>\n<\/div>\n<div class=\"container\">\n<div class=\"row\">\n<div class=\"col-12 col-sm-10 pspace\"><strong> <a href=\"https:\/\/www.stiftung-nv.de\/sites\/default\/files\/cicero_0910_talkshow.pdf\" target=\"_blank\" rel=\"noopener\">Die Politik stirbt auf dem Sofa<\/a><\/strong>, CICERO, 9\/2010, 128 ff. (mit Knut Bergmann)<\/div>\n<div class=\"col-12 col-sm-10\">\n<div style=\"background-color: #919191;height: 1px;margin-bottom: 40px;margin-top: 20px\"><\/div>\n<\/div>\n<\/div>\n<\/div>\n<div class=\"container\">\n<div class=\"row\">\n<div class=\"col-12 col-sm-10 pspace\"><strong>Repr\u00e4sentation und neue Souver\u00e4nit\u00e4t<\/strong>, Berliner Republik, Das Debattenmagazin, 1\/2011<\/div>\n<div class=\"col-12 col-sm-10\">\n<div style=\"background-color: #919191;height: 1px;margin-bottom: 40px;margin-top: 20px\"><\/div>\n<\/div>\n<\/div>\n<\/div>\n<div class=\"container\">\n<div class=\"row\">\n<div class=\"col-12 col-sm-10 pspace\"><strong>Journalismus 2020 \u2013 Perspektiven f\u00fcr den Journalismus in der digitalen Moderne<\/strong>, Policy Brief, stiftung neue verantwortung, 6\/2011<\/div>\n<div class=\"col-12 col-sm-10\">\n<div style=\"background-color: #919191;height: 1px;margin-bottom: 40px;margin-top: 20px\"><\/div>\n<\/div>\n<\/div>\n<\/div>\n<div class=\"container\">\n<div class=\"row\">\n<div class=\"col-12 col-sm-10 pspace\"><strong>Soft-Talk. Folgen der neuen Talkshow-Welle<\/strong>, in: Dieter Anschlag, Claudia Cippitelli, Lutz Hachmeister, Uwe Kammann, Peter Paul Kubitz, Petra M\u00fcller (Hrsg.): Jahrbuch Fernsehen 2011, Marl\/Berlin, 2011<\/div>\n<div class=\"col-12 col-sm-10\">\n<div style=\"background-color: #919191;height: 1px;margin-bottom: 40px;margin-top: 20px\"><\/div>\n<\/div>\n<\/div>\n<\/div>\n<div class=\"container\">\n<div class=\"row\">\n<div class=\"col-12 col-sm-10 pspace\"><strong>Nachhaltig kommunizieren \u2013 Nachhaltigkeit kommunizieren<\/strong>, in: Bertelsmann Stiftung (Hrsg.), Politik nachhaltig gestalten. Wie man nachhaltige Politik macht, kommuniziert und durchsetzt, G\u00fctersloh (Bertelsmann Stiftung), 169-190 (mit Markus Rhomberg)<\/div>\n<div class=\"col-12 col-sm-10\">\n<div style=\"background-color: #919191;height: 1px;margin-bottom: 40px;margin-top: 20px\"><\/div>\n<\/div>\n<\/div>\n<\/div>\n<p><\/div><button id='bg-showmore-action-69f54714ed8d98011929280' class='bg-showmore-plg-button bg-orange-button'   style=\" color:#4a4949;\">see more \/ less<\/button>\n\n\t\t<\/div>\n\t<\/div>\n<\/div><\/div><\/div><div class=\"wpb_column vc_column_container vc_col-sm-12\"><div class=\"vc_column-inner\"><div class=\"wpb_wrapper\"><div class=\"tlg-spacer\" data-height=\"10\" data-height-tablet=\"10\" data-height-mobile=\"20\" style=\"clear:both;display:block;height:10px;\"><\/div><\/div><\/div><\/div><\/div><\/div><\/section><section class=\"vc_row wpb_row vc_row-fluid bg-light not-equal not-color vc_custom_1606934019386 vc_row-has-fill\"><div class=\"container\"><div class=\"row\"><div class=\"wpb_column vc_column_container vc_col-sm-11 vc_col-lg-offset-1 vc_col-md-offset-1 vc_col-sm-offset-1 vc_col-has-fill\"><div class=\"vc_column-inner vc_custom_1606934036610\"><div class=\"wpb_wrapper\">\n\t<div class=\"wpb_text_column wpb_content_element\" >\n\t\t<div class=\"wpb_wrapper\">\n\t\t\t<h3><strong>Presentations<\/strong><\/h3>\n\n\t\t<\/div>\n\t<\/div>\n<\/div><\/div><\/div><\/div><\/div><\/section><section class=\"vc_row wpb_row vc_row-fluid bg-light not-equal not-color vc_custom_1606236534408\"><div class=\"container\"><div class=\"row\"><div class=\"wpb_column vc_column_container vc_col-sm-1\"><div class=\"vc_column-inner\"><div class=\"wpb_wrapper\"><\/div><\/div><\/div><div class=\"wpb_column vc_column_container vc_col-sm-10\"><div class=\"vc_column-inner\"><div class=\"wpb_wrapper\">\n\t<div class=\"wpb_text_column wpb_content_element\" >\n\t\t<div class=\"wpb_wrapper\">\n\t\t\t<div class=\"page\" title=\"Page 4\">\n<div class=\"section\">\n<div class=\"layoutArea\">\n<div class=\"column\">\n<div class=\"page\" title=\"Page 4\">\n<div class=\"section\">\n<div class=\"layoutArea\">\n<div class=\"column\">\n<div class=\"page\" title=\"Page 4\">\n<div class=\"section\">\n<div class=\"layoutArea\">\n<div class=\"column\">\n<div class=\"page\" title=\"Page 4\">\n<div class=\"section\">\n<div class=\"layoutArea\">\n<div class=\"column\">\n<div class=\"page\" title=\"Page 4\">\n<div class=\"section\">\n<div class=\"layoutArea\">\n<div class=\"column\">\n<div class=\"page\" title=\"Page 4\">\n<div class=\"section\">\n<div class=\"layoutArea\">\n<div class=\"column\">\n<div class=\"page\" title=\"Page 4\">\n<div class=\"section\">\n<div class=\"layoutArea\">\n<div class=\"column\">\n<p><b>Journalism, Artificial Intelligence and the Algorithmic Public Sphere <\/b>(Tagesmoderation), Cologne Futures, WDR Funkhaus K\u00f6ln, 27.11.2020<\/p>\n<\/div>\n<\/div>\n<\/div>\n<\/div>\n<\/div>\n<\/div>\n<\/div>\n<\/div>\n<\/div>\n<\/div>\n<\/div>\n<\/div>\n<\/div>\n<\/div>\n<\/div>\n<\/div>\n<\/div>\n<\/div>\n<\/div>\n<\/div>\n<\/div>\n<\/div>\n<\/div>\n<\/div>\n<\/div>\n<\/div>\n<\/div>\n<\/div>\n\n\t\t<\/div>\n\t<\/div>\n<\/div><\/div><\/div><div class=\"wpb_column vc_column_container vc_col-sm-1\"><div class=\"vc_column-inner\"><div class=\"wpb_wrapper\"><\/div><\/div><\/div><div class=\"wpb_column vc_column_container vc_col-sm-10 vc_col-lg-offset-1 vc_col-md-offset-1 vc_col-sm-offset-1\"><div class=\"vc_column-inner vc_custom_1606235954519\"><div class=\"wpb_wrapper\"><div class=\"tlg-spacer line\" data-height=\"1\" data-height-tablet=\"1\" data-height-mobile=\"1\" style=\"clear:both;display:block;height:1px;margin-top: 0px; margin-bottom: 0px; border-bottom-color:#919191;\"><\/div><\/div><\/div><\/div><\/div><\/div><\/section><section class=\"vc_row wpb_row vc_row-fluid bg-light not-equal not-color vc_custom_1606236534408\"><div class=\"container\"><div class=\"row\"><div class=\"wpb_column vc_column_container vc_col-sm-1\"><div class=\"vc_column-inner\"><div class=\"wpb_wrapper\"><\/div><\/div><\/div><div class=\"wpb_column vc_column_container vc_col-sm-10\"><div class=\"vc_column-inner\"><div class=\"wpb_wrapper\">\n\t<div class=\"wpb_text_column wpb_content_element\" >\n\t\t<div class=\"wpb_wrapper\">\n\t\t\t<div class=\"page\" title=\"Page 4\">\n<div class=\"section\">\n<div class=\"layoutArea\">\n<div class=\"column\">\n<div class=\"page\" title=\"Page 4\">\n<div class=\"section\">\n<div class=\"layoutArea\">\n<div class=\"column\">\n<div class=\"page\" title=\"Page 4\">\n<div class=\"section\">\n<div class=\"layoutArea\">\n<div class=\"column\">\n<div class=\"page\" title=\"Page 4\">\n<div class=\"section\">\n<div class=\"layoutArea\">\n<div class=\"column\">\n<div class=\"page\" title=\"Page 4\">\n<div class=\"section\">\n<div class=\"layoutArea\">\n<div class=\"column\">\n<div class=\"page\" title=\"Page 4\">\n<div class=\"section\">\n<div class=\"layoutArea\">\n<div class=\"column\">\n<div class=\"page\" title=\"Page 4\">\n<div class=\"section\">\n<div class=\"layoutArea\">\n<div class=\"column\">\n<p><strong>Media(R)evolution <\/strong>(Moderation), Online <a href=\"https:\/\/www.1014.nyc\/mediarevolution\">Diskussionsreihe<\/a> zur Zukunft des Journalismus in den USA und Deutschland, New York \/ Berlin, September \/ Oktober 2020<\/p>\n<\/div>\n<\/div>\n<\/div>\n<\/div>\n<\/div>\n<\/div>\n<\/div>\n<\/div>\n<\/div>\n<\/div>\n<\/div>\n<\/div>\n<\/div>\n<\/div>\n<\/div>\n<\/div>\n<\/div>\n<\/div>\n<\/div>\n<\/div>\n<\/div>\n<\/div>\n<\/div>\n<\/div>\n<\/div>\n<\/div>\n<\/div>\n<\/div>\n\n\t\t<\/div>\n\t<\/div>\n<\/div><\/div><\/div><div class=\"wpb_column vc_column_container vc_col-sm-1\"><div class=\"vc_column-inner\"><div class=\"wpb_wrapper\"><\/div><\/div><\/div><div class=\"wpb_column vc_column_container vc_col-sm-10 vc_col-lg-offset-1 vc_col-md-offset-1 vc_col-sm-offset-1\"><div class=\"vc_column-inner vc_custom_1606235954519\"><div class=\"wpb_wrapper\"><div class=\"tlg-spacer line\" data-height=\"1\" data-height-tablet=\"1\" data-height-mobile=\"1\" style=\"clear:both;display:block;height:1px;margin-top: 0px; margin-bottom: 0px; border-bottom-color:#919191;\"><\/div><\/div><\/div><\/div><\/div><\/div><\/section><section class=\"vc_row wpb_row vc_row-fluid bg-light not-equal not-color vc_custom_1606236534408\"><div class=\"container\"><div class=\"row\"><div class=\"wpb_column vc_column_container vc_col-sm-1\"><div class=\"vc_column-inner\"><div class=\"wpb_wrapper\"><\/div><\/div><\/div><div class=\"wpb_column vc_column_container vc_col-sm-10\"><div class=\"vc_column-inner\"><div class=\"wpb_wrapper\">\n\t<div class=\"wpb_text_column wpb_content_element\" >\n\t\t<div class=\"wpb_wrapper\">\n\t\t\t<div class=\"page\" title=\"Page 4\">\n<div class=\"section\">\n<div class=\"layoutArea\">\n<div class=\"column\">\n<div class=\"page\" title=\"Page 4\">\n<div class=\"section\">\n<div class=\"layoutArea\">\n<div class=\"column\">\n<div class=\"page\" title=\"Page 4\">\n<div class=\"section\">\n<div class=\"layoutArea\">\n<div class=\"column\">\n<div class=\"page\" title=\"Page 4\">\n<div class=\"section\">\n<div class=\"layoutArea\">\n<div class=\"column\">\n<div class=\"page\" title=\"Page 4\">\n<div class=\"section\">\n<div class=\"layoutArea\">\n<div class=\"column\">\n<div class=\"page\" title=\"Page 4\">\n<div class=\"section\">\n<div class=\"layoutArea\">\n<div class=\"column\">\n<div class=\"page\" title=\"Page 4\">\n<div class=\"section\">\n<div class=\"layoutArea\">\n<div class=\"column\">\n<p><strong>NEUSTART: Shaping the Post-Covid Media Order <\/strong>(Moderation), <a href=\"http:\/\/www.m100potsdam.org\/m100sc-2020\/\">M100 Sanssouci Colloquium<\/a>, Potsdam, 17.9.2020<\/p>\n<\/div>\n<\/div>\n<\/div>\n<\/div>\n<\/div>\n<\/div>\n<\/div>\n<\/div>\n<\/div>\n<\/div>\n<\/div>\n<\/div>\n<\/div>\n<\/div>\n<\/div>\n<\/div>\n<\/div>\n<\/div>\n<\/div>\n<\/div>\n<\/div>\n<\/div>\n<\/div>\n<\/div>\n<\/div>\n<\/div>\n<\/div>\n<\/div>\n\n\t\t<\/div>\n\t<\/div>\n<\/div><\/div><\/div><div class=\"wpb_column vc_column_container vc_col-sm-1\"><div class=\"vc_column-inner\"><div class=\"wpb_wrapper\"><\/div><\/div><\/div><div class=\"wpb_column vc_column_container vc_col-sm-10 vc_col-lg-offset-1 vc_col-md-offset-1 vc_col-sm-offset-1\"><div class=\"vc_column-inner vc_custom_1606235954519\"><div class=\"wpb_wrapper\"><div class=\"tlg-spacer line\" data-height=\"1\" data-height-tablet=\"1\" data-height-mobile=\"1\" style=\"clear:both;display:block;height:1px;margin-top: 0px; margin-bottom: 0px; border-bottom-color:#919191;\"><\/div><\/div><\/div><\/div><\/div><\/div><\/section><section class=\"vc_row wpb_row vc_row-fluid bg-light not-equal not-color vc_custom_1606236534408\"><div class=\"container\"><div class=\"row\"><div class=\"wpb_column vc_column_container vc_col-sm-1\"><div class=\"vc_column-inner\"><div class=\"wpb_wrapper\"><\/div><\/div><\/div><div class=\"wpb_column vc_column_container vc_col-sm-10\"><div class=\"vc_column-inner\"><div class=\"wpb_wrapper\">\n\t<div class=\"wpb_text_column wpb_content_element\" >\n\t\t<div class=\"wpb_wrapper\">\n\t\t\t<div class=\"page\" title=\"Page 4\">\n<div class=\"section\">\n<div class=\"layoutArea\">\n<div class=\"column\">\n<div class=\"page\" title=\"Page 4\">\n<div class=\"section\">\n<div class=\"layoutArea\">\n<div class=\"column\">\n<div class=\"page\" title=\"Page 4\">\n<div class=\"section\">\n<div class=\"layoutArea\">\n<div class=\"column\">\n<div class=\"page\" title=\"Page 4\">\n<div class=\"section\">\n<div class=\"layoutArea\">\n<div class=\"column\">\n<div class=\"page\" title=\"Page 4\">\n<div class=\"section\">\n<div class=\"layoutArea\">\n<div class=\"column\">\n<div class=\"page\" title=\"Page 4\">\n<div class=\"section\">\n<div class=\"layoutArea\">\n<div class=\"column\">\n<div class=\"page\" title=\"Page 4\">\n<div class=\"section\">\n<div class=\"layoutArea\">\n<div class=\"column\">\n<p><strong>\u00a0\u201eA very stable genius\u201c? Twitter als Medium politischer Kommunikation <\/strong>(Moderation), IfM und Stiftung Mercator, Berlin, 22.11.2019<\/p>\n<\/div>\n<\/div>\n<\/div>\n<\/div>\n<\/div>\n<\/div>\n<\/div>\n<\/div>\n<\/div>\n<\/div>\n<\/div>\n<\/div>\n<\/div>\n<\/div>\n<\/div>\n<\/div>\n<\/div>\n<\/div>\n<\/div>\n<\/div>\n<\/div>\n<\/div>\n<\/div>\n<\/div>\n<\/div>\n<\/div>\n<\/div>\n<\/div>\n\n\t\t<\/div>\n\t<\/div>\n<\/div><\/div><\/div><div class=\"wpb_column vc_column_container vc_col-sm-1\"><div class=\"vc_column-inner\"><div class=\"wpb_wrapper\"><\/div><\/div><\/div><div class=\"wpb_column vc_column_container vc_col-sm-10 vc_col-lg-offset-1 vc_col-md-offset-1 vc_col-sm-offset-1\"><div class=\"vc_column-inner vc_custom_1606235954519\"><div class=\"wpb_wrapper\"><div class=\"tlg-spacer line\" data-height=\"1\" data-height-tablet=\"1\" data-height-mobile=\"1\" style=\"clear:both;display:block;height:1px;margin-top: 0px; margin-bottom: 0px; border-bottom-color:#919191;\"><\/div><\/div><\/div><\/div><\/div><\/div><\/section><section class=\"vc_row wpb_row vc_row-fluid bg-light not-equal not-color vc_custom_1608318497558\"><div class=\"container\"><div class=\"row\"><div class=\"wpb_column vc_column_container vc_col-sm-1\"><div class=\"vc_column-inner\"><div class=\"wpb_wrapper\"><\/div><\/div><\/div><div class=\"wpb_column vc_column_container vc_col-sm-10\"><div class=\"vc_column-inner vc_custom_1608233837375\"><div class=\"wpb_wrapper\">\n\t<div class=\"wpb_text_column wpb_content_element\" >\n\t\t<div class=\"wpb_wrapper\">\n\t\t\t<input type='hidden' bg_collapse_expand='69f54714ef6ed6034533753' value='69f54714ef6ed6034533753'><input type='hidden' id='bg-show-more-text-69f54714ef6ed6034533753' value='mehr'><input type='hidden' id='bg-show-less-text-69f54714ef6ed6034533753' value='weniger'><div id='bg-showmore-hidden-69f54714ef6ed6034533753' ><\/p>\n<div class=\"container\">\n<div class=\"row\">\n<div class=\"col-12 col-sm-10 pspace\"><strong>Populism in New Media Democracies: the Case of Germany and the AfD<\/strong>, Queen\u2019s University Belfast, 30.9.2019<\/div>\n<div class=\"col-12 col-sm-10\">\n<div style=\"background-color: #919191;height: 1px;margin-bottom: 40px;margin-top: 20px\"><\/div>\n<\/div>\n<\/div>\n<\/div>\n<div class=\"container\">\n<div class=\"row\">\n<div class=\"col-12 col-sm-10 pspace\"><strong>Es war einmal die Sozialdemokratie&#8230;<\/strong>, CARTA Salon #5 mit Nina G\u00fchlstorff, Hanno Burmester und Kevin K\u00fchnert, Theater im Bauturm, K\u00f6ln, 8.7.2019<\/div>\n<div class=\"col-12 col-sm-10\">\n<div style=\"background-color: #919191;height: 1px;margin-bottom: 40px;margin-top: 20px\"><\/div>\n<\/div>\n<\/div>\n<\/div>\n<div class=\"container\">\n<div class=\"row\">\n<div class=\"col-12 col-sm-10 pspace\"><strong>Germany without Merkel<\/strong>, Annual Summer Roundtable, Institutional Investor, Lisbon, 6.6.2019<\/div>\n<div class=\"col-12 col-sm-10\">\n<div style=\"background-color: #919191;height: 1px;margin-bottom: 40px;margin-top: 20px\"><\/div>\n<\/div>\n<\/div>\n<\/div>\n<div class=\"container\">\n<div class=\"row\">\n<div class=\"col-12 col-sm-10 pspace\"><strong>50 Jahre 1968. War da was?<\/strong>, CARTA Salon #4 mit Claus Leggewie, Heinz Bude, Ulrike Winkelmann, Leonard Novy, Theater im Bauturm, K\u00f6ln, 25.6.2018<\/div>\n<div class=\"col-12 col-sm-10\">\n<div style=\"background-color: #919191;height: 1px;margin-bottom: 40px;margin-top: 20px\"><\/div>\n<\/div>\n<\/div>\n<\/div>\n<div class=\"container\">\n<div class=\"row\">\n<div class=\"col-12 col-sm-10 pspace\"><strong>Keynote<\/strong>, Audience Engagement Day 2018, ORF Wien, 23.2.2018<\/div>\n<div class=\"col-12 col-sm-10\">\n<div style=\"background-color: #919191;height: 1px;margin-bottom: 40px;margin-top: 20px\"><\/div>\n<\/div>\n<\/div>\n<\/div>\n<div class=\"container\">\n<div class=\"row\">\n<div class=\"col-12 col-sm-10 pspace\"><strong>Freiheit und Medien<\/strong>, Vortrag und Diskussion mit Seweryn Blumsztajn, Goethe Institut, Krakau, 16.2.2018<\/div>\n<div class=\"col-12 col-sm-10\">\n<div style=\"background-color: #919191;height: 1px;margin-bottom: 40px;margin-top: 20px\"><\/div>\n<\/div>\n<\/div>\n<\/div>\n<div class=\"container\">\n<div class=\"row\">\n<div class=\"col-12 col-sm-10 pspace\"><strong>Hat die Zeitung noch eine Zukunft? Vom Wandel der Medienlandschaft und seinen m\u00f6glichen Folgen f\u00fcr die Gesellschaft<\/strong>Wuppertal, 8.2.2018<\/div>\n<div class=\"col-12 col-sm-10\">\n<div style=\"background-color: #919191;height: 1px;margin-bottom: 40px;margin-top: 20px\"><\/div>\n<\/div>\n<\/div>\n<\/div>\n<div class=\"container\">\n<div class=\"row\">\n<div class=\"col-12 col-sm-10 pspace\"><strong>The Building Blocks of the EchoChamber<\/strong>, Vortrag und Diskussion, The EchoChamber: A Conference on hate speech on the Internet, Konrad-Adenauer-Stiftung Israel, Israel Foreign Ministry und Simon Wiesenthal Center, Jerusalem, 12.7.2017<\/div>\n<div class=\"col-12 col-sm-10\">\n<div style=\"background-color: #919191;height: 1px;margin-bottom: 40px;margin-top: 20px\"><\/div>\n<\/div>\n<\/div>\n<\/div>\n<div class=\"container\">\n<div class=\"row\">\n<div class=\"col-12 col-sm-10 pspace\"><strong>The Future of Left Movements<\/strong>, Diskussion mit Bar Gissin, Yael Sinai und Johanna Uekermann, What is left of the left, University of Haifa, 13.1.2017<\/div>\n<div class=\"col-12 col-sm-10\">\n<div style=\"background-color: #919191;height: 1px;margin-bottom: 40px;margin-top: 20px\"><\/div>\n<\/div>\n<\/div>\n<\/div>\n<div class=\"container\">\n<div class=\"row\">\n<div class=\"col-12 col-sm-10 pspace\"><strong>Das Ph\u00e4nomen Trump. Was k\u00f6nnen Medien aus der US-Wahl lernen?<\/strong>, TU Dortmund, 8.12.2016<\/div>\n<div class=\"col-12 col-sm-10\">\n<div style=\"background-color: #919191;height: 1px;margin-bottom: 40px;margin-top: 20px\"><\/div>\n<\/div>\n<\/div>\n<\/div>\n<div class=\"container\">\n<div class=\"row\">\n<div class=\"col-12 col-sm-10 pspace\"><strong>Sprache. Macht. Politik<\/strong>, Vortrag und Diskussion mit Katarina Barley, SPD-Generalsekret\u00e4rin, SPD-Fraktion, Bundestag, 29.9.2016<\/div>\n<div class=\"col-12 col-sm-10\">\n<div style=\"background-color: #919191;height: 1px;margin-bottom: 40px;margin-top: 20px\"><\/div>\n<\/div>\n<\/div>\n<\/div>\n<div class=\"container\">\n<div class=\"row\">\n<div class=\"col-12 col-sm-10 pspace\"><strong>Wohin geht die Reise?<\/strong>, Keynote , tpc Media Future Day 2015, Z\u00fcrich, 9.6.2015<\/div>\n<div class=\"col-12 col-sm-10\">\n<div style=\"background-color: #919191;height: 1px;margin-bottom: 40px;margin-top: 20px\"><\/div>\n<\/div>\n<\/div>\n<\/div>\n<div class=\"container\">\n<div class=\"row\">\n<div class=\"col-12 col-sm-10 pspace\"><span class=\"s1\"><strong>Die Unwucht der Verh\u00e4ltnisse: Journalismus, Demokratie und digitale Moderne<\/strong>, Vorlesung, im Rahmen der Ringvorlesungsreihe \u201eInnovationCity 2030\u201c, Mediencampus Hamburg, 16.4.2015<\/span><\/div>\n<div class=\"col-12 col-sm-10\">\n<div style=\"background-color: #919191;height: 1px;margin-bottom: 40px;margin-top: 20px\"><\/div>\n<\/div>\n<\/div>\n<\/div>\n<div class=\"container\">\n<div class=\"row\">\n<div class=\"col-12 col-sm-10 pspace\"><strong>Die Wellen reiten oder von der Flut \u00fcberrascht werden? Globale digitale Trends und ihre Auswirkungen auf die Bibliothek<\/strong>, Vortrag, 3. Juni 2014, Bibliothekartag, Bremen<\/div>\n<div class=\"col-12 col-sm-10\">\n<div style=\"background-color: #919191;height: 1px;margin-bottom: 40px;margin-top: 20px\"><\/div>\n<\/div>\n<\/div>\n<\/div>\n<div class=\"container\">\n<div class=\"row\">\n<div class=\"col-12 col-sm-10 pspace\"><strong>Neue Berichterstattung f\u00fcr ein neues Zeitalter<\/strong>, Vortrag auf dem Deutsch-T\u00fcrkischen Medienseminar der deutschen Botschaft, Antalya, 7.11.2013<\/div>\n<div class=\"col-12 col-sm-10\">\n<div style=\"background-color: #919191;height: 1px;margin-bottom: 40px;margin-top: 20px\"><\/div>\n<\/div>\n<\/div>\n<\/div>\n<p><\/div><button id='bg-showmore-action-69f54714ef6ed6034533753' class='bg-showmore-plg-button bg-orange-button'   style=\" color:#4a4949;\">see more \/ less<\/button>\n\n\t\t<\/div>\n\t<\/div>\n<\/div><\/div><\/div><div class=\"wpb_column vc_column_container vc_col-sm-12\"><div class=\"vc_column-inner\"><div class=\"wpb_wrapper\"><div class=\"tlg-spacer\" data-height=\"10\" data-height-tablet=\"10\" data-height-mobile=\"20\" style=\"clear:both;display:block;height:10px;\"><\/div><\/div><\/div><\/div><\/div><\/div><\/section>\n<\/section>","protected":false},"excerpt":{"rendered":"Texte &amp; Auftritte Ob als Autor, Vortragsredner oder Moderator, ob in Cambridge, den USA, Br\u00fcssel, Wien oder Berlin, ob in Wissenschaft oder Journalismus: Seit \u00fcber 20 Jahren besch\u00e4ftige ich mich mit internationaler Politik und Demokratie, Medien und politischer Kommunikation sowie mit dem Einfluss des Internets auf unsere Gesellschaften. Eine Auswahl meiner Publikationen und Vortr\u00e4ge finden...","protected":false},"author":1,"featured_media":0,"parent":0,"menu_order":0,"comment_status":"closed","ping_status":"closed","template":"","meta":{"footnotes":""},"class_list":["post-7449","page","type-page","status-publish","hentry"],"_links":{"self":[{"href":"https:\/\/leonard-novy.de\/en\/wp-json\/wp\/v2\/pages\/7449","targetHints":{"allow":["GET"]}}],"collection":[{"href":"https:\/\/leonard-novy.de\/en\/wp-json\/wp\/v2\/pages"}],"about":[{"href":"https:\/\/leonard-novy.de\/en\/wp-json\/wp\/v2\/types\/page"}],"author":[{"embeddable":true,"href":"https:\/\/leonard-novy.de\/en\/wp-json\/wp\/v2\/users\/1"}],"replies":[{"embeddable":true,"href":"https:\/\/leonard-novy.de\/en\/wp-json\/wp\/v2\/comments?post=7449"}],"version-history":[{"count":57,"href":"https:\/\/leonard-novy.de\/en\/wp-json\/wp\/v2\/pages\/7449\/revisions"}],"predecessor-version":[{"id":8606,"href":"https:\/\/leonard-novy.de\/en\/wp-json\/wp\/v2\/pages\/7449\/revisions\/8606"}],"wp:attachment":[{"href":"https:\/\/leonard-novy.de\/en\/wp-json\/wp\/v2\/media?parent=7449"}],"curies":[{"name":"wp","href":"https:\/\/api.w.org\/{rel}","templated":true}]}}